{"id":63,"date":"2016-06-10T21:35:05","date_gmt":"2016-06-10T20:35:05","guid":{"rendered":"http:\/\/lespassereves.fr\/?page_id=63"},"modified":"2025-10-03T19:32:07","modified_gmt":"2025-10-03T18:32:07","slug":"au-programme","status":"publish","type":"page","link":"http:\/\/lespassereves.fr\/index.php\/au-programme\/","title":{"rendered":"Agenda"},"content":{"rendered":"<div style=\"text-align: center;\"><strong><span style=\"color: #0000ff;\">Quelles sont les actualit\u00e9s de la Compagnie des Passe R\u00eaves ?<\/span><\/strong><br \/><strong><span style=\"color: #0000ff;\"> Retrouvez ici toutes les dates de nos spectacles :<br \/><\/span><\/strong><\/div>\n<div style=\"text-align: center;\"><strong><span style=\"color: #0000ff;\">On y trouve du cabaret d&rsquo;improvisation, du th\u00e9\u00e2tre d&rsquo;improvisation,\u00a0 du conte,<br \/>du clown, du th\u00e9\u00e2tre forum, des d\u00e9ambulations, des ateliers et bien plus encore.<\/span><\/strong><br \/><strong><span style=\"color: #0000ff;\"> Voici les news de la Compagnie !<\/span><\/strong><\/div>\n<p>\u00a0<\/p>\n<p>\u00a0<\/p>\n<div style=\"text-align: center;\">\u00a0<\/div>\n<div style=\"text-align: center;\">\u00a0<\/div>\n<div style=\"text-align: center;\">\u00a0<\/div>\n<div style=\"text-align: center;\">\n<table id=\"tablepress-1\" class=\"tablepress tablepress-id-1\">\n<thead>\n<tr class=\"row-1\">\n\t<th class=\"column-1\">Date<\/th><th class=\"column-2\">Lieu<\/th><th class=\"column-3\">Description<\/th>\n<\/tr>\n<\/thead>\n<tbody class=\"row-striping row-hover\">\n<tr class=\"row-2\">\n\t<td class=\"column-1\">septembre 2022<\/td><td class=\"column-2\">Th\u00e9\u00e2tre de Mamers<br \/>\n72600 Mamers<\/td><td class=\"column-3\">Festival Mamers en Sc\u00e8ne<\/td>\n<\/tr>\n<tr class=\"row-3\">\n\t<td class=\"column-1\">Ao\u00fbt 2022<\/td><td class=\"column-2\">Aurillac<\/td><td class=\"column-3\">Festival International de Th\u00e9\u00e2tre de Rue d\u2019Aurillac<\/td>\n<\/tr>\n<tr class=\"row-4\">\n\t<td class=\"column-1\">27 mars 2022<\/td><td class=\"column-2\">Bar Bidule de Tours<\/td><td class=\"column-3\">Spectacle pour Enfants<\/td>\n<\/tr>\n<tr class=\"row-5\">\n\t<td class=\"column-1\">24 mars 2022<\/td><td class=\"column-2\">Blois<\/td><td class=\"column-3\">Th\u00e9\u00e2tre Forum<\/td>\n<\/tr>\n<tr class=\"row-6\">\n\t<td class=\"column-1\">23 mars 2022<\/td><td class=\"column-2\">FAM de L\u00e8ves<\/td><td class=\"column-3\">Spectacle de clown<\/td>\n<\/tr>\n<tr class=\"row-7\">\n\t<td class=\"column-1\">De janvier \u00e0 mai 2022<\/td><td class=\"column-2\">Ehpad Vend\u00f4me et Montoire<\/td><td class=\"column-3\">15 ateliers th\u00e9\u00e2tre impro interg\u00e9n\u00e9rationnel<\/td>\n<\/tr>\n<tr class=\"row-8\">\n\t<td class=\"column-1\">15 d\u00e9cembre<\/td><td class=\"column-2\">EMP de Plaisir<\/td><td class=\"column-3\">Spectacle pour Enfants<\/td>\n<\/tr>\n<tr class=\"row-9\">\n\t<td class=\"column-1\">12 d\u00e9cembre 2021<\/td><td class=\"column-2\">Th\u00e9\u00e2tre de Mamers<br \/>\n72600 Mamers<\/td><td class=\"column-3\">Match d'impro<\/td>\n<\/tr>\n<tr class=\"row-10\">\n\t<td class=\"column-1\">11 d\u00e9cembre 2021<\/td><td class=\"column-2\">St Longis<\/td><td class=\"column-3\">Spectacle de No\u00ebl<\/td>\n<\/tr>\n<tr class=\"row-11\">\n\t<td class=\"column-1\">8 d\u00e9cembre 2021<\/td><td class=\"column-2\">EMP de St Cyr l\u2019Ecole<\/td><td class=\"column-3\">Spectacle pour Enfants<\/td>\n<\/tr>\n<tr class=\"row-12\">\n\t<td class=\"column-1\">28 novembre 2021<\/td><td class=\"column-2\">Bar Bidule de Tours<\/td><td class=\"column-3\">Spectacle pour Enfants<\/td>\n<\/tr>\n<tr class=\"row-13\">\n\t<td class=\"column-1\">27 novembre 2021<\/td><td class=\"column-2\">M\u00e9diath\u00e8que de la Verri\u00e8re<\/td><td class=\"column-3\">Spectacle pour Enfants<\/td>\n<\/tr>\n<tr class=\"row-14\">\n\t<td class=\"column-1\">21 novembre 2021<\/td><td class=\"column-2\">Maison de Quartier Orly Parc, Avenue Joseph Rollo , 78320 La Verri\u00e8re<\/td><td class=\"column-3\">Stage : Devenir Clown de th\u00e9\u00e2tre ! de 10 \u00e0 18h. Tarif 40 euros<\/td>\n<\/tr>\n<tr class=\"row-15\">\n\t<td class=\"column-1\">20 novembre 2021<\/td><td class=\"column-2\">Cormery<\/td><td class=\"column-3\">Spectacle f\u00eate d'anniversaire<\/td>\n<\/tr>\n<tr class=\"row-16\">\n\t<td class=\"column-1\">20 novembre 2021<\/td><td class=\"column-2\">Association  HANDICAP VISUEL VAL DE LOIRE  H2VL<br \/>\nTours<\/td><td class=\"column-3\">Atelier impro<br \/>\n<\/td>\n<\/tr>\n<tr class=\"row-17\">\n\t<td class=\"column-1\">5 novembre 2021<\/td><td class=\"column-2\">Centre de Loisirs de Monts<\/td><td class=\"column-3\">Spectacle pour Enfants<\/td>\n<\/tr>\n<tr class=\"row-18\">\n\t<td class=\"column-1\">16 octobre 2021<\/td><td class=\"column-2\">Th\u00e9\u00e2tre de Mamers<br \/>\n72600 Mamers<\/td><td class=\"column-3\">Ateliers d'impro<br \/>\nFestival Mamers en Sc\u00e8ne<br \/>\n<\/td>\n<\/tr>\n<tr class=\"row-19\">\n\t<td class=\"column-1\">9 octobre 2021<\/td><td class=\"column-2\">Ehpad Montloire<\/td><td class=\"column-3\">Spectacle d'Impro Passe R\u00eaves<\/td>\n<\/tr>\n<tr class=\"row-20\">\n\t<td class=\"column-1\">6 octobre 2021<\/td><td class=\"column-2\">Ehpad Vend\u00f4me<br \/>\nAndr\u00e9 Gibotteau<\/td><td class=\"column-3\">Spectacle d'Impro Passe R\u00eaves<\/td>\n<\/tr>\n<tr class=\"row-21\">\n\t<td class=\"column-1\">6 octobre 2021<\/td><td class=\"column-2\">Ehpad Vend\u00f4me<br \/>\nLes tilleuls<\/td><td class=\"column-3\">Spectacle d'Impro Passe R\u00eaves<\/td>\n<\/tr>\n<tr class=\"row-22\">\n\t<td class=\"column-1\">Du 22 au 26 Septembre 2021<\/td><td class=\"column-2\">Th\u00e9\u00e2tre de Mamers<br \/>\n72600 Mamers<\/td><td class=\"column-3\">Festival Mamers en Sc\u00e8ne<\/td>\n<\/tr>\n<tr class=\"row-23\">\n\t<td class=\"column-1\">26 septembre 2021<\/td><td class=\"column-2\">Mecs <br \/>\nMaison d'enfants du Belv\u00e9d\u00e8re <br \/>\n72600 Mamers<\/td><td class=\"column-3\">Spectacle pour Enfants<\/td>\n<\/tr>\n<tr class=\"row-24\">\n\t<td class=\"column-1\">22 septembre 2021<\/td><td class=\"column-2\">Ehpad la Dive<br \/>\nMamers<\/td><td class=\"column-3\">Spectacle inter g\u00e9n\u00e9rationnel<\/td>\n<\/tr>\n<tr class=\"row-25\">\n\t<td class=\"column-1\">12 septembre 2021<\/td><td class=\"column-2\">Tours<\/td><td class=\"column-3\">Forum des associations<\/td>\n<\/tr>\n<tr class=\"row-26\">\n\t<td class=\"column-1\">Juillet-ao\u00fbt 2021<\/td><td class=\"column-2\">Fais tes Vacances<br \/>\nDoucy<\/td><td class=\"column-3\">Stage de clown de th\u00e9\u00e2tre<\/td>\n<\/tr>\n<tr class=\"row-27\">\n\t<td class=\"column-1\">19 juin 2021<\/td><td class=\"column-2\">Bar Bidule de Tours<\/td><td class=\"column-3\">Spectacle pour Enfants<br \/>\n<\/td>\n<\/tr>\n<tr class=\"row-28\">\n\t<td class=\"column-1\">18 juin 2021<\/td><td class=\"column-2\">M\u00e9diath\u00e8que de la Verri\u00e8re<\/td><td class=\"column-3\">Spectacle pour Enfants<\/td>\n<\/tr>\n<tr class=\"row-29\">\n\t<td class=\"column-1\">12 juin 2021<\/td><td class=\"column-2\">Mame de Tours<\/td><td class=\"column-3\">Animations don du sang<br \/>\n<\/td>\n<\/tr>\n<tr class=\"row-30\">\n\t<td class=\"column-1\">1 mai 2021<\/td><td class=\"column-2\">Bar Bidule de Tours<\/td><td class=\"column-3\">Spectacle pour Enfants<br \/>\n<\/td>\n<\/tr>\n<tr class=\"row-31\">\n\t<td class=\"column-1\">18 d\u00e9cembre 2020<\/td><td class=\"column-2\">Casoar<br \/>\nSt Cyr l'\u00e9cole<\/td><td class=\"column-3\">Th\u00e9\u00e2tre Forum<br \/>\n<\/td>\n<\/tr>\n<tr class=\"row-32\">\n\t<td class=\"column-1\">13 d\u00e9cembre 2020<\/td><td class=\"column-2\">St Aubin le D\u00e9peint<\/td><td class=\"column-3\">Spectacle de No\u00ebl<br \/>\n<\/td>\n<\/tr>\n<tr class=\"row-33\">\n\t<td class=\"column-1\">12 d\u00e9cembre 2020<\/td><td class=\"column-2\">St Langis<\/td><td class=\"column-3\">Spectacle de No\u00ebl<br \/>\n<\/td>\n<\/tr>\n<tr class=\"row-34\">\n\t<td class=\"column-1\">28 novembre 2020<\/td><td class=\"column-2\">Th\u00e9\u00e2tre de Mamers<br \/>\n72600 Mamers<\/td><td class=\"column-3\">Spectacle Tout Public<\/td>\n<\/tr>\n<tr class=\"row-35\">\n\t<td class=\"column-1\">17 octobre 2020<\/td><td class=\"column-2\">Maison de Quartier Orly Parc, Avenue Joseph Rollo , 78320 La Verri\u00e8re<\/td><td class=\"column-3\">Stage : Devenir Clown de th\u00e9\u00e2tre ! de 10 \u00e0 18h. Tarif 40 euros<\/td>\n<\/tr>\n<tr class=\"row-36\">\n\t<td class=\"column-1\">10 octobre 2020<\/td><td class=\"column-2\">Bar Bidule de Tours<\/td><td class=\"column-3\">Spectacle pour Enfants<br \/>\n<\/td>\n<\/tr>\n<tr class=\"row-37\">\n\t<td class=\"column-1\">13 septembre 2020<\/td><td class=\"column-2\">Ville de Tours  <\/td><td class=\"column-3\">Pr\u00e9-inscriptions \u00e0 nos ateliers pour l'ann\u00e9e<\/td>\n<\/tr>\n<tr class=\"row-38\">\n\t<td class=\"column-1\">12 septembre 2020<\/td><td class=\"column-2\">Ville de la Verri\u00e8re - Gymnase de la Fraternit\u00e9 - Avenue de No\u00ebs <\/td><td class=\"column-3\">Pr\u00e9-inscriptions \u00e0 nos ateliers pour l'ann\u00e9e \/ <br \/>\n De 10h \u00e0 16h<\/td>\n<\/tr>\n<tr class=\"row-39\">\n\t<td class=\"column-1\">21 juillet 2020<\/td><td class=\"column-2\">Avoine<\/td><td class=\"column-3\">Atelier d'impro pour Enfants<br \/>\n<\/td>\n<\/tr>\n<tr class=\"row-40\">\n\t<td class=\"column-1\">18 juillet 2020<\/td><td class=\"column-2\">Fais tes Vacances<br \/>\nDoucy<\/td><td class=\"column-3\">Stage de clown de th\u00e9\u00e2tre<\/td>\n<\/tr>\n<tr class=\"row-41\">\n\t<td class=\"column-1\">17 juillet 2020<\/td><td class=\"column-2\">Centre de loisirs<br \/>\nVernou sur Brenne<\/td><td class=\"column-3\">Spectacle pour Enfants<br \/>\n<\/td>\n<\/tr>\n<tr class=\"row-42\">\n\t<td class=\"column-1\">11 juillet 2020<\/td><td class=\"column-2\">Espace des possibles<br \/>\nMeschers sur Gironde<\/td><td class=\"column-3\">Stage de clown de th\u00e9\u00e2tre<\/td>\n<\/tr>\n<tr class=\"row-43\">\n\t<td class=\"column-1\">8 juillet 2020<\/td><td class=\"column-2\">Centre de loisirs<br \/>\nVouvray<\/td><td class=\"column-3\">Spectacle pour Enfants<\/td>\n<\/tr>\n<tr class=\"row-44\">\n\t<td class=\"column-1\">4 juillet 2020<\/td><td class=\"column-2\">Bar Bidule de Tours<\/td><td class=\"column-3\">Spectacle d'impro pour Enfants<br \/>\n<\/td>\n<\/tr>\n<tr class=\"row-45\">\n\t<td class=\"column-1\">13 mars 2020<\/td><td class=\"column-2\">Bar Le Sonart <br \/>\nParis<\/td><td class=\"column-3\">Spectacle d'Impro All Blag's<\/td>\n<\/tr>\n<tr class=\"row-46\">\n\t<td class=\"column-1\">13 mars 2020<\/td><td class=\"column-2\">Th\u00e9\u00e2tre de la Carrosserie Mesnier<br \/>\nSaint-Amand-Mont-Rond<\/td><td class=\"column-3\">Soir\u00e9e Clown<br \/>\nClowns d\u2019ici et d\u2019ailleurs<\/td>\n<\/tr>\n<tr class=\"row-47\">\n\t<td class=\"column-1\">7 mars 2020<\/td><td class=\"column-2\">Centre Nogues<br \/>\nParis<\/td><td class=\"column-3\">Spectacle d'Impro All Blag's<br \/>\n<\/td>\n<\/tr>\n<tr class=\"row-48\">\n\t<td class=\"column-1\">28 f\u00e9vrier 2020<\/td><td class=\"column-2\">Ehpad Smith<br \/>\nLyon<\/td><td class=\"column-3\">Spectacle d'Impro Passe R\u00eaves<\/td>\n<\/tr>\n<tr class=\"row-49\">\n\t<td class=\"column-1\">27 f\u00e9vrier 2020<\/td><td class=\"column-2\">Ehpad Maison St Rapha\u00ebl<br \/>\nLyon<\/td><td class=\"column-3\">Spectacle d'Impro Passe R\u00eaves<\/td>\n<\/tr>\n<tr class=\"row-50\">\n\t<td class=\"column-1\">26 f\u00e9vrier 2020<\/td><td class=\"column-2\">Ehpad <br \/>\nAssociation Ad\u00e9la\u00efde Perrin<br \/>\nLyon<\/td><td class=\"column-3\">Spectacle d'Impro Passe R\u00eaves<\/td>\n<\/tr>\n<tr class=\"row-51\">\n\t<td class=\"column-1\">Du 17 au 21 f\u00e9vrier 2020<\/td><td class=\"column-2\">Massabielle<\/td><td class=\"column-3\">Stage : Mes Essentiels. Ce que je veux faire plus tard<\/td>\n<\/tr>\n<tr class=\"row-52\">\n\t<td class=\"column-1\">15 f\u00e9vrier 2020<\/td><td class=\"column-2\">Biblioth\u00e8que Paris 20\u00e8me<\/td><td class=\"column-3\">Ateliers impro ados<\/td>\n<\/tr>\n<tr class=\"row-53\">\n\t<td class=\"column-1\">14 f\u00e9vrier 2020<\/td><td class=\"column-2\">Biblioth\u00e8que Paris 20\u00e8me<\/td><td class=\"column-3\">Ateliers impro ados<\/td>\n<\/tr>\n<tr class=\"row-54\">\n\t<td class=\"column-1\">8 f\u00e9vrier 2020<\/td><td class=\"column-2\">Le Caf\u00e9 Pouce<br \/>\nLa Ville aux Dames<\/td><td class=\"column-3\">Spectacle pour Enfants<br \/>\n<\/td>\n<\/tr>\n<tr class=\"row-55\">\n\t<td class=\"column-1\">7 f\u00e9vrier 2020<\/td><td class=\"column-2\">Biblioth\u00e8que Paris 20\u00e8me<\/td><td class=\"column-3\">Ateliers impro ados<\/td>\n<\/tr>\n<tr class=\"row-56\">\n\t<td class=\"column-1\">31 janvier 2020<\/td><td class=\"column-2\">Casoar<br \/>\nSt Cyr l'\u00e9cole<\/td><td class=\"column-3\">Th\u00e9\u00e2tre Forum<br \/>\n<\/td>\n<\/tr>\n<tr class=\"row-57\">\n\t<td class=\"column-1\">30 janvier 2019<\/td><td class=\"column-2\">Pension de famille<br \/>\nTours<\/td><td class=\"column-3\">Show impro des Passe Par Tours (\u00e9l\u00e8ves)<\/td>\n<\/tr>\n<tr class=\"row-58\">\n\t<td class=\"column-1\">26 janvier 2020<\/td><td class=\"column-2\">Bar Bidule de Tours<\/td><td class=\"column-3\">Spectacle de clown pour Enfants<br \/>\n<\/td>\n<\/tr>\n<tr class=\"row-59\">\n\t<td class=\"column-1\">19 janvier 2020<\/td><td class=\"column-2\">Maison de Quartier Orly Parc, Avenue Joseph Rollo , 78320 La Verri\u00e8re<\/td><td class=\"column-3\">Stage : Devenir Clown de th\u00e9\u00e2tre ! de 10 \u00e0 18h. Tarif 40 euros<\/td>\n<\/tr>\n<tr class=\"row-60\">\n\t<td class=\"column-1\">25 d\u00e9cembre 2019<\/td><td class=\"column-2\">Ehpad Fort de France<br \/>\nMartinique<\/td><td class=\"column-3\">Spectacle d'Impro Passe R\u00eaves<\/td>\n<\/tr>\n<tr class=\"row-61\">\n\t<td class=\"column-1\">23 d\u00e9cembre 2019<\/td><td class=\"column-2\">Secours Catholique Fort de France<br \/>\nMartinique<\/td><td class=\"column-3\">Spectacle d'Impro Passe R\u00eaves<\/td>\n<\/tr>\n<tr class=\"row-62\">\n\t<td class=\"column-1\">21 d\u00e9cembre 2019<\/td><td class=\"column-2\">Bar Bidule de Tours<\/td><td class=\"column-3\">Spectacle pour Enfants<br \/>\n<\/td>\n<\/tr>\n<tr class=\"row-63\">\n\t<td class=\"column-1\">18 d\u00e9cembre 2019<\/td><td class=\"column-2\">Tours Football Club <\/td><td class=\"column-3\">Spectacle pour Enfants<br \/>\n<\/td>\n<\/tr>\n<tr class=\"row-64\">\n\t<td class=\"column-1\">15 d\u00e9cembre 2019<\/td><td class=\"column-2\">Association des parents d'\u00e9l\u00e8ves de Pernay<\/td><td class=\"column-3\">Spectacle pour Enfants<br \/>\n<\/td>\n<\/tr>\n<tr class=\"row-65\">\n\t<td class=\"column-1\">12-13 d\u00e9cembre 2019<\/td><td class=\"column-2\">Touraine Insertion<br \/>\nJou\u00e9-les-Tours<\/td><td class=\"column-3\">Ateliers impro th\u00e9\u00e2tre<br \/>\n<\/td>\n<\/tr>\n<tr class=\"row-66\">\n\t<td class=\"column-1\">6 d\u00e9cembre 2019<\/td><td class=\"column-2\">Le Conciliabulle<br \/>\n37270 Montlouis-sur-Loire<\/td><td class=\"column-3\">Spectacle d'Impro Passe R\u00eaves<br \/>\n<\/td>\n<\/tr>\n<tr class=\"row-67\">\n\t<td class=\"column-1\">5 d\u00e9cembre 2019<\/td><td class=\"column-2\">Tours<br \/>\nPension de famille<\/td><td class=\"column-3\">Show impro des Passe Par Tours (\u00e9l\u00e8ves)<\/td>\n<\/tr>\n<tr class=\"row-68\">\n\t<td class=\"column-1\">30 novembre 2019<\/td><td class=\"column-2\">Bar Bidule de Tours<\/td><td class=\"column-3\">Spectacle pour Enfants<br \/>\n<\/td>\n<\/tr>\n<tr class=\"row-69\">\n\t<td class=\"column-1\">23 novembre 2019<\/td><td class=\"column-2\">Centre ville de Tours (Indre et Loire)<\/td><td class=\"column-3\">Stage : Devenir Clown de th\u00e9\u00e2tre ! de 10 \u00e0 18h. Tarif 40 euros<\/td>\n<\/tr>\n<tr class=\"row-70\">\n\t<td class=\"column-1\">15 au 17 Novembre 2019<\/td><td class=\"column-2\">Theix-Noyalo<\/td><td class=\"column-3\">Festival Clown Hors Piste<\/td>\n<\/tr>\n<tr class=\"row-71\">\n\t<td class=\"column-1\">15 novembre 2019<\/td><td class=\"column-2\">Bar Le Sonart <br \/>\nParis<\/td><td class=\"column-3\">Spectacle d'Impro All Blag's<\/td>\n<\/tr>\n<tr class=\"row-72\">\n\t<td class=\"column-1\">31 octobre 2019<\/td><td class=\"column-2\">Le Caf\u00e9 Culturel Citoyen<br \/>\nLe 3C<br \/>\n13 Aix-en-Provence<\/td><td class=\"column-3\">Spectacle Tout Public<\/td>\n<\/tr>\n<tr class=\"row-73\">\n\t<td class=\"column-1\">13 octobre 2019<\/td><td class=\"column-2\">Maison de Quartier Orly Parc, Avenue Joseph Rollo , 78320 La Verri\u00e8re<\/td><td class=\"column-3\">Stage : Devenir Clown de th\u00e9\u00e2tre ! de 10 \u00e0 18h. Tarif 40 euros<\/td>\n<\/tr>\n<tr class=\"row-74\">\n\t<td class=\"column-1\">5 octobre 2019<\/td><td class=\"column-2\">Th\u00e9\u00e2tre de Mamers<br \/>\n72600 Mamers<\/td><td class=\"column-3\">Spectacle Tout Public<\/td>\n<\/tr>\n<tr class=\"row-75\">\n\t<td class=\"column-1\">26 septembre 2019<\/td><td class=\"column-2\">Association pour la Promotion et la Formation en Histoire Vivante<br \/>\n28 B\u00e9ville le Comte<\/td><td class=\"column-3\">Animation m\u00e9di\u00e9vale au Carrousel de Baronville<\/td>\n<\/tr>\n<tr class=\"row-76\">\n\t<td class=\"column-1\">16 septembre 2019<\/td><td class=\"column-2\">Maison des Associations<br \/>\n78  Voisins-le-Bretonneux<\/td><td class=\"column-3\">Sayn\u00e8tes improvis\u00e9es lors d'une conf\u00e9rence sur les motivations<\/td>\n<\/tr>\n<tr class=\"row-77\">\n\t<td class=\"column-1\">15 septembre 2019<\/td><td class=\"column-2\">Espace Jacques-L\u00e9v\u00eaque<br \/>\n72 St R\u00e9my<\/td><td class=\"column-3\">Spectacle Tout Public<\/td>\n<\/tr>\n<tr class=\"row-78\">\n\t<td class=\"column-1\">13 septembre 2019<\/td><td class=\"column-2\">Bar Le Sonart <br \/>\nParis<\/td><td class=\"column-3\">Spectacle d'Impro All Blag's<\/td>\n<\/tr>\n<tr class=\"row-79\">\n\t<td class=\"column-1\">7 septembre 2019<\/td><td class=\"column-2\">Ville de la Verri\u00e8re - Gymnase de la Fraternit\u00e9 - Avenue de No\u00ebs <\/td><td class=\"column-3\">Pr\u00e9-inscriptions \u00e0 nos ateliers pour l'ann\u00e9e \/ <br \/>\n De 10h \u00e0 17h<\/td>\n<\/tr>\n<tr class=\"row-80\">\n\t<td class=\"column-1\">31 ao\u00fbt 2019<\/td><td class=\"column-2\">Cora Val d'Yerres <br \/>\nBoussy St Antoine 91<\/td><td class=\"column-3\">Spectacles pour enfants<\/td>\n<\/tr>\n<tr class=\"row-81\">\n\t<td class=\"column-1\">21 au 24 ao\u00fbt 2019<\/td><td class=\"column-2\">Aurillac<\/td><td class=\"column-3\">Festival International de Th\u00e9\u00e2tre de Rue d\u2019Aurillac<\/td>\n<\/tr>\n<tr class=\"row-82\">\n\t<td class=\"column-1\">24 juin 2019<\/td><td class=\"column-2\">Quelque part en Touraine<\/td><td class=\"column-3\">Th\u00e9\u00e2tre forum en \u00e9cole pour le cycle 3<\/td>\n<\/tr>\n<tr class=\"row-83\">\n\t<td class=\"column-1\">15 juin 2019<\/td><td class=\"column-2\">Centre ville de Tours<\/td><td class=\"column-3\">Spectacle d'Impro Don du sang<\/td>\n<\/tr>\n<tr class=\"row-84\">\n\t<td class=\"column-1\">14 juin 2019<\/td><td class=\"column-2\">Bar Le Sonart <br \/>\nParis<\/td><td class=\"column-3\">Spectacle d'Impro All Blag's<\/td>\n<\/tr>\n<tr class=\"row-85\">\n\t<td class=\"column-1\">5 au 9 juin 2019<\/td><td class=\"column-2\">Th\u00e9\u00e2tre de Mamers<br \/>\n72600 Mamers<\/td><td class=\"column-3\">Festival Mamers en Sc\u00e8ne<\/td>\n<\/tr>\n<tr class=\"row-86\">\n\t<td class=\"column-1\">29 mai 2019<\/td><td class=\"column-2\">P\u00e9pini\u00e8re d\u2019Entreprise de Poc\u00e9 sur Cisse<\/td><td class=\"column-3\">Intervention journ\u00e9e p\u00e9dagogique agents Petite Enfance<\/td>\n<\/tr>\n<tr class=\"row-87\">\n\t<td class=\"column-1\">25 mai 2019<\/td><td class=\"column-2\">Bar Bidule de Tours<\/td><td class=\"column-3\">Spectacle pour Enfants<br \/>\n<\/td>\n<\/tr>\n<tr class=\"row-88\">\n\t<td class=\"column-1\">24 mai 2019<\/td><td class=\"column-2\">Restaurant Les Bariol\u00e9s de Maud <br \/>\nParis<\/td><td class=\"column-3\">Spectacle d'Impro All Blag's<\/td>\n<\/tr>\n<tr class=\"row-89\">\n\t<td class=\"column-1\">16 mai 2019<\/td><td class=\"column-2\">Caf\u00e9 bar le Kaa<br \/>\nTours<\/td><td class=\"column-3\">Show impro des Passe Par Tours (\u00e9l\u00e8ves)<\/td>\n<\/tr>\n<tr class=\"row-90\">\n\t<td class=\"column-1\">11 mai 2019<\/td><td class=\"column-2\">Sac \u00e0 Malices<br \/>\nSt Pierre des Corps<\/td><td class=\"column-3\">Balade cont\u00e9e<br \/>\n<\/td>\n<\/tr>\n<tr class=\"row-91\">\n\t<td class=\"column-1\">13 avril 2019<\/td><td class=\"column-2\">Centre ville de Tours (Indre et Loire)<\/td><td class=\"column-3\">Stage Clown de th\u00e9\u00e2tre avec l'agence Ribambelle<\/td>\n<\/tr>\n<tr class=\"row-92\">\n\t<td class=\"column-1\">12 avril 2019<\/td><td class=\"column-2\">Bar Le Sonart <br \/>\nParis<\/td><td class=\"column-3\">Spectacle d'Impro All Blag's<\/td>\n<\/tr>\n<tr class=\"row-93\">\n\t<td class=\"column-1\">6 avril 2019<\/td><td class=\"column-2\">Centre ville de Tours (Indre et Loire)<\/td><td class=\"column-3\">Stage : Devenir Clown de th\u00e9\u00e2tre ! de 10 \u00e0 18h. Tarif 40 euros<\/td>\n<\/tr>\n<tr class=\"row-94\">\n\t<td class=\"column-1\">31 mars 2019<\/td><td class=\"column-2\">Inauguration du caf\u00e9 associatif La Belle Poule. <br \/>\nAmboise<\/td><td class=\"column-3\">Spectacle d'Impro Passe R\u00eaves<br \/>\n<\/td>\n<\/tr>\n<tr class=\"row-95\">\n\t<td class=\"column-1\">25 mars 2019<\/td><td class=\"column-2\">\u00c9cole maternelle du Bois de l'\u00e9tang.  La Verri\u00e8re<\/td><td class=\"column-3\">Spectacle de clown pour Enfants<br \/>\n<\/td>\n<\/tr>\n<tr class=\"row-96\">\n\t<td class=\"column-1\">23 mars 2019<\/td><td class=\"column-2\">Maison de Quartier Orly Parc, Avenue Joseph Rollo , 78320 La Verri\u00e8re<\/td><td class=\"column-3\">Stage : Devenir Clown de th\u00e9\u00e2tre ! de 10 \u00e0 18h. Tarif 40 euros<\/td>\n<\/tr>\n<tr class=\"row-97\">\n\t<td class=\"column-1\">9 mars 2019<\/td><td class=\"column-2\">Bar Bidule de Tours<\/td><td class=\"column-3\">Spectacle de Clown pour Enfants<br \/>\n<\/td>\n<\/tr>\n<tr class=\"row-98\">\n\t<td class=\"column-1\">8 mars 2019<\/td><td class=\"column-2\">Bar Le Sonart <br \/>\nParis<\/td><td class=\"column-3\">Spectacle d'Impro All Blag's<\/td>\n<\/tr>\n<tr class=\"row-99\">\n\t<td class=\"column-1\">16 f\u00e9vrier 2019<\/td><td class=\"column-2\">Bar Bidule de Tours<\/td><td class=\"column-3\">Spectacle pour Enfants<br \/>\n<\/td>\n<\/tr>\n<tr class=\"row-100\">\n\t<td class=\"column-1\">8 f\u00e9vrier 2019<\/td><td class=\"column-2\">Bar Le Sonart <br \/>\nParis<\/td><td class=\"column-3\">Spectacle d'Impro All Blag's<\/td>\n<\/tr>\n<tr class=\"row-101\">\n\t<td class=\"column-1\">26 janvier 2019<\/td><td class=\"column-2\">Centre ville de Tours (Indre et Loire)<\/td><td class=\"column-3\">Stage : Devenir Clown de th\u00e9\u00e2tre ! de 10 \u00e0 18h. Tarif 40 euros<\/td>\n<\/tr>\n<tr class=\"row-102\">\n\t<td class=\"column-1\">12 janvier 2019<\/td><td class=\"column-2\">Centre ville de Mamers (Sarthe)<\/td><td class=\"column-3\">Stage : Improvisation Th\u00e9\u00e2trale Adultes ! de 10 \u00e0 18h. Tarif 20 euros<\/td>\n<\/tr>\n<tr class=\"row-103\">\n\t<td class=\"column-1\">11 janvier 2019<\/td><td class=\"column-2\">Bar Le Sonart <br \/>\nParis<\/td><td class=\"column-3\">Spectacle d'Impro All Blag's<\/td>\n<\/tr>\n<tr class=\"row-104\">\n\t<td class=\"column-1\">19 d\u00e9cembre 2018<\/td><td class=\"column-2\">Centre de loisirs<br \/>\nVernou sur Brenne<\/td><td class=\"column-3\">Spectacle pour Enfants<br \/>\n<\/td>\n<\/tr>\n<tr class=\"row-105\">\n\t<td class=\"column-1\">19 d\u00e9cembre 2018<\/td><td class=\"column-2\">Bar Bidule de Tours<\/td><td class=\"column-3\">Spectacle pour Enfants<br \/>\n<\/td>\n<\/tr>\n<tr class=\"row-106\">\n\t<td class=\"column-1\">14 d\u00e9cembre 2018<\/td><td class=\"column-2\">Bar Le Sonart <br \/>\nParis<\/td><td class=\"column-3\">Spectacle d'Impro All Blag's<\/td>\n<\/tr>\n<tr class=\"row-107\">\n\t<td class=\"column-1\">12 d\u00e9cembre 2018<\/td><td class=\"column-2\">Association de chefs d'entreprise de Seine et Marne<\/td><td class=\"column-3\">Initiation au clown<\/td>\n<\/tr>\n<tr class=\"row-108\">\n\t<td class=\"column-1\">2 d\u00e9cembre 2018<\/td><td class=\"column-2\">Maison de la Musique et de la Danse La Verri\u00e8re<\/td><td class=\"column-3\">Spectacle pour Enfants<br \/>\n<\/td>\n<\/tr>\n<tr class=\"row-109\">\n\t<td class=\"column-1\">1 d\u00e9cembre 2018<\/td><td class=\"column-2\">Maison de Quartier Orly Parc, Avenue Joseph Rollo , 78320 La Verri\u00e8re<\/td><td class=\"column-3\">Stage : Devenir Clown de th\u00e9\u00e2tre ! de 10 \u00e0 18h. Tarif 40 euros<\/td>\n<\/tr>\n<tr class=\"row-110\">\n\t<td class=\"column-1\">24 novembre 2018<\/td><td class=\"column-2\">Centre ville de Tours (Indre et Loire)<\/td><td class=\"column-3\">Stage : Devenir Clown de th\u00e9\u00e2tre ! de 10 \u00e0 18h. Tarif 40 euros<\/td>\n<\/tr>\n<tr class=\"row-111\">\n\t<td class=\"column-1\">16 au 18 Novembre 2018<\/td><td class=\"column-2\">Theix-Noyalo<\/td><td class=\"column-3\">Festival Clown Hors Piste<\/td>\n<\/tr>\n<tr class=\"row-112\">\n\t<td class=\"column-1\">10 novembre 2018<\/td><td class=\"column-2\">Maison de Quartier Orly Parc, Avenue Joseph Rollo , 78320 La Verri\u00e8re<\/td><td class=\"column-3\">Stage : Devenir Clown de th\u00e9\u00e2tre ! de 10 \u00e0 18h. Tarif 40 euros<\/td>\n<\/tr>\n<tr class=\"row-113\">\n\t<td class=\"column-1\">9 novembre 2018<\/td><td class=\"column-2\">Bar Le Sonart <br \/>\nParis<\/td><td class=\"column-3\">Spectacle d'Impro All Blag's<\/td>\n<\/tr>\n<tr class=\"row-114\">\n\t<td class=\"column-1\">9 novembre 2018<\/td><td class=\"column-2\">Universit\u00e9 de Tours<\/td><td class=\"column-3\">Team building<\/td>\n<\/tr>\n<tr class=\"row-115\">\n\t<td class=\"column-1\">24 octobre 2018<\/td><td class=\"column-2\">Bar Bidule de Tours<\/td><td class=\"column-3\">Spectacle pour Enfants<br \/>\n<\/td>\n<\/tr>\n<tr class=\"row-116\">\n\t<td class=\"column-1\">24 octobre 2018<\/td><td class=\"column-2\">Centre de loisirs<br \/>\nVernou sur Brenne<\/td><td class=\"column-3\">Spectacle pour Enfants<br \/>\n<\/td>\n<\/tr>\n<tr class=\"row-117\">\n\t<td class=\"column-1\">21 Octobre 2018<\/td><td class=\"column-2\">Th\u00e9\u00e2tre Pixel<br \/>\nParis<\/td><td class=\"column-3\">Spectacle pour Enfants<br \/>\n<\/td>\n<\/tr>\n<tr class=\"row-118\">\n\t<td class=\"column-1\">18 octobre 2018<\/td><td class=\"column-2\">Le Court Circuit Tours<br \/>\n16 bis Place de la Victoire, 37000 Tours <\/td><td class=\"column-3\">Show impro des Passe Par Tours (\u00e9l\u00e8ves)<\/td>\n<\/tr>\n<tr class=\"row-119\">\n\t<td class=\"column-1\">14 Octobre 2018<\/td><td class=\"column-2\">Th\u00e9\u00e2tre Pixel<br \/>\nParis<\/td><td class=\"column-3\">Spectacle pour Enfants<br \/>\n<\/td>\n<\/tr>\n<tr class=\"row-120\">\n\t<td class=\"column-1\">12 octobre 2018<\/td><td class=\"column-2\">Bar Le Sonart <br \/>\nParis<\/td><td class=\"column-3\">Spectacle d'Impro All Blag's<\/td>\n<\/tr>\n<tr class=\"row-121\">\n\t<td class=\"column-1\">7 Octobre 2018<\/td><td class=\"column-2\">Th\u00e9\u00e2tre Pixel<br \/>\nParis<\/td><td class=\"column-3\">Spectacle pour Enfants<br \/>\n<\/td>\n<\/tr>\n<tr class=\"row-122\">\n\t<td class=\"column-1\">6 Octobre 2018<\/td><td class=\"column-2\">Maison de Quartier Orly Parc, Avenue Joseph Rollo , 78320 La Verri\u00e8re<\/td><td class=\"column-3\">Stage : Devenir Clown de th\u00e9\u00e2tre ! de 10 \u00e0 18h. Tarif 40 euros<\/td>\n<\/tr>\n<tr class=\"row-123\">\n\t<td class=\"column-1\">30 septembre 2018<\/td><td class=\"column-2\">Th\u00e9\u00e2tre Pixel<br \/>\nParis<\/td><td class=\"column-3\">Spectacle pour Enfants<br \/>\n<\/td>\n<\/tr>\n<tr class=\"row-124\">\n\t<td class=\"column-1\">23 Septembre 2018<\/td><td class=\"column-2\">Th\u00e9\u00e2tre Pixel<br \/>\nParis<\/td><td class=\"column-3\">Spectacle pour Enfants<br \/>\n<\/td>\n<\/tr>\n<tr class=\"row-125\">\n\t<td class=\"column-1\">16 septembre 2018<\/td><td class=\"column-2\">Th\u00e9\u00e2tre Pixel<br \/>\nParis<\/td><td class=\"column-3\">Spectacle pour Enfants<br \/>\n<\/td>\n<\/tr>\n<tr class=\"row-126\">\n\t<td class=\"column-1\">14 septembre 2018<\/td><td class=\"column-2\">Bar Le Sonart <br \/>\nParis<\/td><td class=\"column-3\">Spectacle d'Impro All Blag's<\/td>\n<\/tr>\n<tr class=\"row-127\">\n\t<td class=\"column-1\">23 au 25 ao\u00fbt 2018<\/td><td class=\"column-2\">Aurillac<\/td><td class=\"column-3\">Festival International de Th\u00e9\u00e2tre de Rue d\u2019Aurillac<\/td>\n<\/tr>\n<tr class=\"row-128\">\n\t<td class=\"column-1\">4 ao\u00fbt 2018<\/td><td class=\"column-2\">L'Unikaz Caf\u00e9 Culturel<br \/>\nSt Pierre (La R\u00e9union)<\/td><td class=\"column-3\">Show impro des Passe R\u00eaves<\/td>\n<\/tr>\n<tr class=\"row-129\">\n\t<td class=\"column-1\">25 Juillet 2018<\/td><td class=\"column-2\">Cr\u00eache<br \/>\nSt Denis (La R\u00e9union)<\/td><td class=\"column-3\">Show impro Petite Enfance des Passe R\u00eaves<\/td>\n<\/tr>\n<tr class=\"row-130\">\n\t<td class=\"column-1\">12 Juillet 2018<\/td><td class=\"column-2\">Le Mesnil St Denis<\/td><td class=\"column-3\">Atelier Impro Jeunes<\/td>\n<\/tr>\n<tr class=\"row-131\">\n\t<td class=\"column-1\">4 Juillet 2018<\/td><td class=\"column-2\">Paris 5\u00e8me<\/td><td class=\"column-3\">Apr\u00e8s-midi de Coh\u00e9sion d'\u00e9quipe<\/td>\n<\/tr>\n<tr class=\"row-132\">\n\t<td class=\"column-1\">4 Juillet 2018<\/td><td class=\"column-2\">Le Mesnil St Denis<\/td><td class=\"column-3\">Atelier Impro Jeunes<\/td>\n<\/tr>\n<tr class=\"row-133\">\n\t<td class=\"column-1\">28 juin 2018<\/td><td class=\"column-2\">Parc de Cang\u00e9 \u00e0 St Avertin<\/td><td class=\"column-3\">Th\u00e9\u00e2tre forum pour la petite enfance<\/td>\n<\/tr>\n<tr class=\"row-134\">\n\t<td class=\"column-1\">27 Juin 2018<\/td><td class=\"column-2\">Le Court Circuit Tours<br \/>\n16 bis Place de la Victoire, 37000 Tours <\/td><td class=\"column-3\">Show impro des Passe Par Tours (\u00e9l\u00e8ves)<\/td>\n<\/tr>\n<tr class=\"row-135\">\n\t<td class=\"column-1\">23 Juin 2018<\/td><td class=\"column-2\">Centre Nogu\u00e8s<br \/>\n5 avenue de la Porte de Vanves 75014 Paris<\/td><td class=\"column-3\">Show impro des All Blag's (\u00e9l\u00e8ves)<\/td>\n<\/tr>\n<tr class=\"row-136\">\n\t<td class=\"column-1\">22 Juin 2018<\/td><td class=\"column-2\">Mamers<br \/>\n\u00c9cole primaire<\/td><td class=\"column-3\">D\u00e9part \u00e0 la retraite<\/td>\n<\/tr>\n<tr class=\"row-137\">\n\t<td class=\"column-1\">20 Juin 2018<\/td><td class=\"column-2\">Maison de retraite Nouan-le-fuzelier<\/td><td class=\"column-3\">Spectacle inter-g\u00e9n\u00e9rationnelle<\/td>\n<\/tr>\n<tr class=\"row-138\">\n\t<td class=\"column-1\">16 juin 2018<\/td><td class=\"column-2\">Maison de Quartier Orly Parc, Avenue Joseph Rollo , 78320 La Verri\u00e8re<\/td><td class=\"column-3\">Stage : Devenir Clown de th\u00e9\u00e2tre ! de 10 \u00e0 18h. Tarif 40 euros<\/td>\n<\/tr>\n<tr class=\"row-139\">\n\t<td class=\"column-1\">14 Juin 2018<\/td><td class=\"column-2\">Tours<br \/>\nPension de famille<\/td><td class=\"column-3\">Show impro des Passe Par Tours (\u00e9l\u00e8ves)<\/td>\n<\/tr>\n<tr class=\"row-140\">\n\t<td class=\"column-1\">13 Juin 2018<\/td><td class=\"column-2\">Mas de La Queue lez Yvelines<br \/>\n<\/td><td class=\"column-3\">D\u00e9ambulation clownesque<\/td>\n<\/tr>\n<tr class=\"row-141\">\n\t<td class=\"column-1\">6\/8\/9 juin 2018<\/td><td class=\"column-2\">Th\u00e9\u00e2tre de Mamers<br \/>\n72600 Mamers<\/td><td class=\"column-3\">Festival Mamers en Sc\u00e8ne<\/td>\n<\/tr>\n<tr class=\"row-142\">\n\t<td class=\"column-1\">31 mai 2018<\/td><td class=\"column-2\">Caf\u00e9 bar le Kaa<br \/>\nTours<\/td><td class=\"column-3\">Show impro des Passe Par Tours (\u00e9l\u00e8ves)<\/td>\n<\/tr>\n<tr class=\"row-143\">\n\t<td class=\"column-1\">30 mai 2018<\/td><td class=\"column-2\">La Verri\u00e8re (78)<\/td><td class=\"column-3\">Ateliers d'impro en famille<\/td>\n<\/tr>\n<tr class=\"row-144\">\n\t<td class=\"column-1\">25 mai 2018<\/td><td class=\"column-2\">Maison de la Musique et de la Danse<br \/>\nLa Verri\u00e8re (78)<\/td><td class=\"column-3\">Show impro des All Blag's (\u00e9l\u00e8ves)<\/td>\n<\/tr>\n<tr class=\"row-145\">\n\t<td class=\"column-1\">4 et 9 mai 2018<\/td><td class=\"column-2\">\u00c9cole de la 2\u00e8me Chance Martinique Centre<br \/>\nRue de la formation professionnelle<br \/>\n97200 Fort de France<\/td><td class=\"column-3\">Ateliers d'impro\/Th\u00e9\u00e2tre Forum<\/td>\n<\/tr>\n<tr class=\"row-146\">\n\t<td class=\"column-1\">25 avril 2018<\/td><td class=\"column-2\">La Verri\u00e8re (78)<\/td><td class=\"column-3\">Ateliers d'impro en famille<\/td>\n<\/tr>\n<tr class=\"row-147\">\n\t<td class=\"column-1\">20 avril 2018<\/td><td class=\"column-2\">Le Court Circuit Tours<br \/>\n16 bis Place de la Victoire, 37000 Tours <\/td><td class=\"column-3\">Cabaret d'Impro-contes 20h sur place, entr\u00e9e libre<br \/>\ntel: 07 83 02 53 81<br \/>\nmail: jeff@courtcircuit-tours.fr<\/td>\n<\/tr>\n<tr class=\"row-148\">\n\t<td class=\"column-1\">19 avril 2018<\/td><td class=\"column-2\">Pension de famille<br \/>\nTours<\/td><td class=\"column-3\">Th\u00e9\u00e2tre Forum Sant\u00e9 mentale<\/td>\n<\/tr>\n<tr class=\"row-149\">\n\t<td class=\"column-1\">18 avril 2018<\/td><td class=\"column-2\">REAAP de Chinon<br \/>\n37500 CINAIS<\/td><td class=\"column-3\">Th\u00e9\u00e2tre Forum autour de l'alimentation au sein de la relation parents-enfants<\/td>\n<\/tr>\n<tr class=\"row-150\">\n\t<td class=\"column-1\">13 avril 2018<\/td><td class=\"column-2\">Salle des f\u00eates<br \/>\n37160 DESCARTES<\/td><td class=\"column-3\">Th\u00e9\u00e2tre Forum autour des premi\u00e8res fois<\/td>\n<\/tr>\n<tr class=\"row-151\">\n\t<td class=\"column-1\">7 avril 2018<\/td><td class=\"column-2\">Tours Sud (Indre et Loire)<\/td><td class=\"column-3\">Stage : Devenir Clown de th\u00e9\u00e2tre ! de 10 \u00e0 18h. Tarif 40 euros<\/td>\n<\/tr>\n<tr class=\"row-152\">\n\t<td class=\"column-1\">24 mars 2018<\/td><td class=\"column-2\">Maison de Quartier Orly Parc, Avenue Joseph Rollo , 78320 La Verri\u00e8re<\/td><td class=\"column-3\">Stage : Devenir Clown de th\u00e9\u00e2tre ! de 10 \u00e0 18h. Tarif 40 euros<\/td>\n<\/tr>\n<tr class=\"row-153\">\n\t<td class=\"column-1\">17 mars 2018<\/td><td class=\"column-2\">Centre Nogu\u00e8s<br \/>\n5 avenue de la Porte de Vanves 75014 Paris<\/td><td class=\"column-3\">Spectacle d'impro autour du th\u00e8me de l'\u00e9galit\u00e9 Homme-femme (\u00e9l\u00e8ves)<\/td>\n<\/tr>\n<tr class=\"row-154\">\n\t<td class=\"column-1\">16 mars 2018<\/td><td class=\"column-2\">Salle Ren\u00e9 Lejeau \u00e0 Husseau<br \/>\n(lieu dit de MontLouis) <\/td><td class=\"column-3\">Spectacle d'impro des Passe par Tours (\u00e9l\u00e8ves)<\/td>\n<\/tr>\n<tr class=\"row-155\">\n\t<td class=\"column-1\">Du 26 f\u00e9vrier au 2 mars 2018<\/td><td class=\"column-2\">Cachan<\/td><td class=\"column-3\">Stage : Mes Essentiels. Ce que je veux faire plus tard<\/td>\n<\/tr>\n<tr class=\"row-156\">\n\t<td class=\"column-1\">4 f\u00e9vrier 2018<\/td><td class=\"column-2\">Salle de l'horloge<br \/>\nPlace de La R\u00e9publique 72600 Mamers<\/td><td class=\"column-3\">Stage : Devenir Clown de th\u00e9\u00e2tre ! de 10 \u00e0 18h. Tarif 40 euros<\/td>\n<\/tr>\n<tr class=\"row-157\">\n\t<td class=\"column-1\">27 janvier 2018<\/td><td class=\"column-2\">Maison de Quartier Orly Parc, Avenue Joseph Rollo , 78320 La Verri\u00e8re<\/td><td class=\"column-3\">Stage : Devenir Clown de th\u00e9\u00e2tre ! de 10 \u00e0 18h. Tarif 40 euros<\/td>\n<\/tr>\n<tr class=\"row-158\">\n\t<td class=\"column-1\">13 janvier 2018<\/td><td class=\"column-2\">Centre ville de Tours (Indre et Loire)<\/td><td class=\"column-3\">Stage : Devenir Clown de th\u00e9\u00e2tre ! de 10 \u00e0 18h. Tarif 40 euros<\/td>\n<\/tr>\n<tr class=\"row-159\">\n\t<td class=\"column-1\">16 d\u00e9cembre 2017<\/td><td class=\"column-2\">Le Court Circuit Tours<br \/>\n16 bis Place de la Victoire, 37000 Tours <\/td><td class=\"column-3\">Cabaret d'Impro 20h sur place, entr\u00e9e libre<br \/>\ntel: 07 83 02 53 81<br \/>\nmail: jeff@courtcircuit-tours.fr<\/td>\n<\/tr>\n<tr class=\"row-160\">\n\t<td class=\"column-1\">25 novembre 2017<\/td><td class=\"column-2\">Vernouillet<\/td><td class=\"column-3\">Inauguration Appart<\/td>\n<\/tr>\n<tr class=\"row-161\">\n\t<td class=\"column-1\">20 novembre 2017<\/td><td class=\"column-2\">Theix<\/td><td class=\"column-3\">Festival de clown \"Hors Piste\"<\/td>\n<\/tr>\n<tr class=\"row-162\">\n\t<td class=\"column-1\">13 novembre 2017<\/td><td class=\"column-2\">Lille<\/td><td class=\"column-3\">Agile Tour Lille 2017<\/td>\n<\/tr>\n<tr class=\"row-163\">\n\t<td class=\"column-1\">11 novembre 2017<\/td><td class=\"column-2\">Maison de Quartier Orly Parc, Avenue Joseph Rollo , 78320 La Verri\u00e8re<\/td><td class=\"column-3\">Stage : Devenir Clown de th\u00e9\u00e2tre ! de 10 \u00e0 18h. Tarif 40 euros<\/td>\n<\/tr>\n<tr class=\"row-164\">\n\t<td class=\"column-1\">30 oct au 3 novembre 2017<\/td><td class=\"column-2\">St Prix<\/td><td class=\"column-3\">Stage : Mes Essentiels. Ce que je veux faire plus tard<\/td>\n<\/tr>\n<tr class=\"row-165\">\n\t<td class=\"column-1\">28 octobre 2017<\/td><td class=\"column-2\">Le Moulin \u00e0 Caf\u00e9 <br \/>\n8 rue Sainte L\u00e9onie 75014 Paris<\/td><td class=\"column-3\">Th\u00e9\u00e2tre d'Improvisation pour les Enfants - 15h -<br \/>\nT\u00e9l\u00e9phone : 01 40 44 87 55<\/td>\n<\/tr>\n<tr class=\"row-166\">\n\t<td class=\"column-1\">3 et 10 octobre 2017<\/td><td class=\"column-2\">Lyc\u00e9e des 7 Mares - Maurepas<\/td><td class=\"column-3\">Ateliers Impro Th\u00e9\u00e2tre<\/td>\n<\/tr>\n<tr class=\"row-167\">\n\t<td class=\"column-1\">Week-end du 30 septembre et du 1er octobre 2017<\/td><td class=\"column-2\">Week-end pour les enfants de l'association HTAPFrance<br \/>\n<\/td><td class=\"column-3\">Tout au long du week-end, ateliers d'initiation au th\u00e9\u00e2tre d'improvisation, d\u00e9ambulations clownesques et autres joyeux partages<\/td>\n<\/tr>\n<tr class=\"row-168\">\n\t<td class=\"column-1\">27 septembre 2017<\/td><td class=\"column-2\">P\u00f4le Petite Enfance Veign\u00e9(37)<\/td><td class=\"column-3\">Th\u00e9\u00e2tre Forum avec des professionnels de la petite enfance<\/td>\n<\/tr>\n<tr class=\"row-169\">\n\t<td class=\"column-1\">23 septembre 2017<\/td><td class=\"column-2\">Le Scarab\u00e9e - 7 bis, avenue du G\u00e9n\u00e9ral Leclerc - 78320 La Verri\u00e8re <br \/>\nT\u00e9l. : 01 30 13 87 40<\/td><td class=\"column-3\">23 septembre 2017: Spectacle Cabaret d'Impro en musique pour les enfants de l'H\u00f4pital de Bullion<\/td>\n<\/tr>\n<tr class=\"row-170\">\n\t<td class=\"column-1\">16 septembre 2017<\/td><td class=\"column-2\">Le Court Circuit Tours<br \/>\n16 bis Place de la Victoire, 37000 Tours <\/td><td class=\"column-3\">16 septembre 2017:<br \/>\nCabaret d'Impro 20h sur place, entr\u00e9e libre<br \/>\ntel: 07 83 02 53 81<br \/>\nmail: jeff@courtcircuit-tours.fr<\/td>\n<\/tr>\n<tr class=\"row-171\">\n\t<td class=\"column-1\">9 septembre 2017<\/td><td class=\"column-2\">Ville de la Verri\u00e8re - Gymnase de la Fraternit\u00e9 - Avenue de No\u00ebs <\/td><td class=\"column-3\">Pr\u00e9-inscriptions \u00e0 nos ateliers pour l'ann\u00e9e \/ <br \/>\n De 10h \u00e0 17h<br \/>\n<\/td>\n<\/tr>\n<tr class=\"row-172\">\n\t<td class=\"column-1\">26 ao\u00fbt 2017<\/td><td class=\"column-2\"><a href=\"https:\/\/www.facebook.com\/pg\/assolouvarts\/about\/?ref=page_internal\/\" target=\"_blank\" rel=\"noopener noreferrer\">Festival Louv'Arts<\/a> <\/td><td class=\"column-3\">Festival d'arts des rues \/ spectacles \u00e0 10h puis 19h \/ Participation au chapeau<br \/>\n<br \/>\n<\/td>\n<\/tr>\n<tr class=\"row-173\">\n\t<td class=\"column-1\">5 juillet 2017<\/td><td class=\"column-2\">H\u00f4pital de P\u00e9diatrie et de R\u00e9education de Bullion (78)<\/td><td class=\"column-3\">D\u00e9ambulations clownesques aupr\u00e8s des enfants<\/td>\n<\/tr>\n<tr class=\"row-174\">\n\t<td class=\"column-1\">17 juin 2017<\/td><td class=\"column-2\">Le Court Circuit Tours<br \/>\n16 bis Place de la Victoire, 37000 Tours <\/td><td class=\"column-3\">17 juin 2017\u00a0: Cabaret d'Impro 20h sur place, entr\u00e9e libre<br \/>\ntel: 07 83 02 53 81<br \/>\nmail: jeff@courtcircuit-tours.fr<\/td>\n<\/tr>\n<tr class=\"row-175\">\n\t<td class=\"column-1\">17 juin 2017<\/td><td class=\"column-2\">L'Instant Tours<br \/>\n3 rue Bernard Palissy, 37000 Tours<\/td><td class=\"column-3\">Cabaret d'Impro  pour les Enfants \/<br \/>\n10h30 sur place \/<br \/>\nentr\u00e9e libre \/<br \/>\nconsommation obligatoire\/<br \/>\nchapeau pour les artistes <\/td>\n<\/tr>\n<tr class=\"row-176\">\n\t<td class=\"column-1\">14 mai 2017<\/td><td class=\"column-2\">Bar des <a href=\"http:\/\/cafecomptoircolette.blogspot.fr\/\" target=\"_blank\" rel=\"noopener noreferrer\">Colettes<\/a> <br \/>\n49\/57 quai paul bert\u00a037100 Tours<\/td><td class=\"column-3\">Cabaret d'Impro <br \/>\n19h30 sur place<br \/>\nentr\u00e9e libre<\/td>\n<\/tr>\n<tr class=\"row-177\">\n\t<td class=\"column-1\">21 avril 2017<\/td><td class=\"column-2\">Olympique Club<br \/>\nBoulevard Martin Luther King<br \/>\ncorniche ouest<br \/>\nBP 5360<br \/>\nDakar S\u00e9n\u00e9gal<\/td><td class=\"column-3\">Cabaret d'Impro pour Enfants<br \/>\nLa maternelle \"Les Petites Mains\"<br \/>\n10h sur place.<br \/>\n<br \/>\n<\/td>\n<\/tr>\n<tr class=\"row-178\">\n\t<td class=\"column-1\">1 avril 2017\u00a0<\/td><td class=\"column-2\">Le Court Circuit Tours<br \/>\n16 bis Place de la Victoire, 37000 Tours <\/td><td class=\"column-3\">1 avril 2017\u00a0: Cabaret d'Impro 20h sur place, entr\u00e9e libre<br \/>\ntel: 07 83 02 53 81<br \/>\nmail: jeff@courtcircuit-tours.fr<\/td>\n<\/tr>\n<tr class=\"row-179\">\n\t<td class=\"column-1\">25 mars 2017\u00a0<\/td><td class=\"column-2\">L'Instant\u00a0Tours<br \/>\n3 rue Bernard Palissy, 37000 Tours<br \/>\n<\/td><td class=\"column-3\">Cabaret d'Impro\u00a0 pour les Enfants \/<br \/>\n10h30 sur place \/<br \/>\nentr\u00e9e libre \/<br \/>\nconsommation obligatoire\/<br \/>\nchapeau pour les artistes <\/td>\n<\/tr>\n<tr class=\"row-180\">\n\t<td class=\"column-1\">8 mars 2017\u00a0<br \/>\n<\/td><td class=\"column-2\">H\u00f4pital de P\u00e9diatrie et de R\u00e9education de Bullion (78)<br \/>\n<\/td><td class=\"column-3\">D\u00e9ambulations clownesques aupr\u00e8s des enfants<\/td>\n<\/tr>\n<tr class=\"row-181\">\n\t<td class=\"column-1\">11 f\u00e9vrier 2017<\/td><td class=\"column-2\">Le Court Circuit Tours<br \/>\n16 bis Place de la Victoire, 37000 Tours<br \/>\ntel: 07 83 02 53 81<br \/>\nmail: jeff@courtcircuit-tours.fr<\/td><td class=\"column-3\">Cabaret d'Impro <br \/>\n20h sur place<br \/>\nentr\u00e9e libre.<\/td>\n<\/tr>\n<tr class=\"row-182\">\n\t<td class=\"column-1\">21 janvier 2017<\/td><td class=\"column-2\"> Le Moulin \u00e0 Caf\u00e9 <br \/>\n8 rue Sainte L\u00e9onie 75014 Paris<\/td><td class=\"column-3\">Th\u00e9\u00e2tre d'Improvisation pour les Enfants - 15h -<br \/>\nT\u00e9l\u00e9phone : 01 40 44 87 55<\/td>\n<\/tr>\n<tr class=\"row-183\">\n\t<td class=\"column-1\">19 janvier 2017<\/td><td class=\"column-2\">Entreprise Orange - Chatillon<\/td><td class=\"column-3\">Journ\u00e9e de Team Building aupr\u00e8s d'employ\u00e9 d'Orange, lors des Orange Office Days<\/td>\n<\/tr>\n<tr class=\"row-184\">\n\t<td class=\"column-1\">Mercredi 4 janvier 2017<\/td><td class=\"column-2\">H\u00f4pital de P\u00e9diatrie et de R\u00e9\u00e9ducation de Bullion (78)<\/td><td class=\"column-3\"> D\u00e9ambulations clownesques aupr\u00e8s des enfants <\/td>\n<\/tr>\n<tr class=\"row-185\">\n\t<td class=\"column-1\"><\/td><td class=\"column-2\"><\/td><td class=\"column-3\"><\/td>\n<\/tr>\n<tr class=\"row-186\">\n\t<td class=\"column-1\"><\/td><td class=\"column-2\"><\/td><td class=\"column-3\"><\/td>\n<\/tr>\n<tr class=\"row-187\">\n\t<td class=\"column-1\"><\/td><td class=\"column-2\"><\/td><td class=\"column-3\"><\/td>\n<\/tr>\n<tr class=\"row-188\">\n\t<td class=\"column-1\"><\/td><td class=\"column-2\"><\/td><td class=\"column-3\"><\/td>\n<\/tr>\n<tr class=\"row-189\">\n\t<td class=\"column-1\"><\/td><td class=\"column-2\"><\/td><td class=\"column-3\"><\/td>\n<\/tr>\n<tr class=\"row-190\">\n\t<td class=\"column-1\"><\/td><td class=\"column-2\"><\/td><td class=\"column-3\"><\/td>\n<\/tr>\n<tr class=\"row-191\">\n\t<td class=\"column-1\"><\/td><td class=\"column-2\"><\/td><td class=\"column-3\"><\/td>\n<\/tr>\n<tr class=\"row-192\">\n\t<td class=\"column-1\"><\/td><td class=\"column-2\"><\/td><td class=\"column-3\"><\/td>\n<\/tr>\n<tr class=\"row-193\">\n\t<td class=\"column-1\"><\/td><td class=\"column-2\"><\/td><td class=\"column-3\"><\/td>\n<\/tr>\n<tr class=\"row-194\">\n\t<td class=\"column-1\"><\/td><td class=\"column-2\"><\/td><td class=\"column-3\"><\/td>\n<\/tr>\n<tr class=\"row-195\">\n\t<td class=\"column-1\"><\/td><td class=\"column-2\"><\/td><td class=\"column-3\"><\/td>\n<\/tr>\n<tr class=\"row-196\">\n\t<td class=\"column-1\"><\/td><td class=\"column-2\"><\/td><td class=\"column-3\"><\/td>\n<\/tr>\n<tr class=\"row-197\">\n\t<td class=\"column-1\"><\/td><td class=\"column-2\"><\/td><td class=\"column-3\"><\/td>\n<\/tr>\n<tr class=\"row-198\">\n\t<td class=\"column-1\"><\/td><td class=\"column-2\"><\/td><td class=\"column-3\"><\/td>\n<\/tr>\n<tr class=\"row-199\">\n\t<td class=\"column-1\"><\/td><td class=\"column-2\"><\/td><td class=\"column-3\"><\/td>\n<\/tr>\n<tr class=\"row-200\">\n\t<td class=\"column-1\"><\/td><td class=\"column-2\"><\/td><td class=\"column-3\"><\/td>\n<\/tr>\n<tr class=\"row-201\">\n\t<td class=\"column-1\"><\/td><td class=\"column-2\"><\/td><td class=\"column-3\"><\/td>\n<\/tr>\n<\/tbody>\n<\/table>\n<!-- #tablepress-1 from cache --><\/div>\n<div style=\"text-align: center;\">\u00a0<\/div>\n<div style=\"text-align: center;\">\u00a0<\/div>\n<p>\u00a0<\/p>\n<hr \/>\n<ul>\n<li><span style=\"color: #0000ff;\"><strong>VACANCES!<\/strong><\/span>\n<div class=\"_mr kno-fb-ctx\" data-ved=\"0ahUKEwjlraPZpaXNAhVhCpoKHci6C6QQ8I0BCHcoADAO\" data-dtype=\"d3ph\">\n<p>Les ateliers des Passe R\u00eaves sont en vacances de fin juin \u00e0 fin ao\u00fbt.<\/p>\n<\/div>\n<\/li>\n<\/ul>\n\n\n<p><\/p>\n","protected":false},"excerpt":{"rendered":"<p>Quelles sont les actualit\u00e9s de la Compagnie des Passe R\u00eaves ? Retrouvez ici toutes les dates de nos spectacles : On y trouve du cabaret d&rsquo;improvisation, du th\u00e9\u00e2tre d&rsquo;improvisation,\u00a0 du conte,du clown, du th\u00e9\u00e2tre forum, des d\u00e9ambulations, des ateliers et bien plus encore. Voici les news de la Compagnie ! \u00a0 \u00a0 \u00a0 \u00a0 \u00a0 &hellip; <a href=\"http:\/\/lespassereves.fr\/index.php\/au-programme\/\" class=\"more-link\">Lire la suite <span class=\"screen-reader-text\">Agenda<\/span><\/a><\/p>\n","protected":false},"author":1,"featured_media":0,"parent":0,"menu_order":17,"comment_status":"closed","ping_status":"closed","template":"","meta":{"jetpack_post_was_ever_published":false,"footnotes":""},"class_list":["post-63","page","type-page","status-publish","hentry","without-featured-image"],"jetpack_sharing_enabled":true,"jetpack_shortlink":"https:\/\/wp.me\/P7LDIs-11","jetpack_likes_enabled":true,"_links":{"self":[{"href":"http:\/\/lespassereves.fr\/index.php\/wp-json\/wp\/v2\/pages\/63","targetHints":{"allow":["GET"]}}],"collection":[{"href":"http:\/\/lespassereves.fr\/index.php\/wp-json\/wp\/v2\/pages"}],"about":[{"href":"http:\/\/lespassereves.fr\/index.php\/wp-json\/wp\/v2\/types\/page"}],"author":[{"embeddable":true,"href":"http:\/\/lespassereves.fr\/index.php\/wp-json\/wp\/v2\/users\/1"}],"replies":[{"embeddable":true,"href":"http:\/\/lespassereves.fr\/index.php\/wp-json\/wp\/v2\/comments?post=63"}],"version-history":[{"count":73,"href":"http:\/\/lespassereves.fr\/index.php\/wp-json\/wp\/v2\/pages\/63\/revisions"}],"predecessor-version":[{"id":3905,"href":"http:\/\/lespassereves.fr\/index.php\/wp-json\/wp\/v2\/pages\/63\/revisions\/3905"}],"wp:attachment":[{"href":"http:\/\/lespassereves.fr\/index.php\/wp-json\/wp\/v2\/media?parent=63"}],"curies":[{"name":"wp","href":"https:\/\/api.w.org\/{rel}","templated":true}]}}